{"id":557,"date":"2025-01-31T10:53:12","date_gmt":"2025-01-31T09:53:12","guid":{"rendered":"https:\/\/standingout.pentahospitals.pl\/our-speakers\/"},"modified":"2025-04-03T09:36:17","modified_gmt":"2025-04-03T07:36:17","slug":"our-speakers-cz","status":"publish","type":"page","link":"https:\/\/standingout.pentahospitals.pl\/cs\/our-speakers-cz\/","title":{"rendered":"P\u0159edn\u00e1\u0161ej\u00edc\u00ed"},"content":{"rendered":"\n<div class=\"wp-block-media-text is-stacked-on-mobile\" style=\"grid-template-columns:38% auto\" id=\"peter-lednicky\"><figure class=\"wp-block-media-text__media\"><img loading=\"lazy\" decoding=\"async\" width=\"580\" height=\"580\" src=\"https:\/\/standingout.pentahospitals.pl\/wp-content\/uploads\/2025\/01\/peter-lednicky.png\" alt=\"Peter Lednicky\" class=\"wp-image-354 size-full\" srcset=\"https:\/\/standingout.pentahospitals.pl\/wp-content\/uploads\/2025\/01\/peter-lednicky.png 580w, https:\/\/standingout.pentahospitals.pl\/wp-content\/uploads\/2025\/01\/peter-lednicky-300x300.png 300w, https:\/\/standingout.pentahospitals.pl\/wp-content\/uploads\/2025\/01\/peter-lednicky-150x150.png 150w, https:\/\/standingout.pentahospitals.pl\/wp-content\/uploads\/2025\/01\/peter-lednicky-200x200.png 200w, https:\/\/standingout.pentahospitals.pl\/wp-content\/uploads\/2025\/01\/peter-lednicky-400x400.png 400w\" sizes=\"auto, (max-width: 580px) 100vw, 580px\" \/><\/figure><div class=\"wp-block-media-text__content\"><div class=\"wp-block-heading\">\n<h2 class=\"wp-block-heading\">Peter Lednick\u00fd<\/h2>\n<\/div>\n\n<div class=\"wp-block-heading\">\n<h4 class=\"wp-block-heading\">CEO Penta Hospitals International<\/h4>\n<\/div>\n\n<div class=\"wp-block-paragraph\">\n<p class=\"has-small-font-size\">Dne 1. \u0159\u00edjna 2022 nastoupil Peter Lednick\u00fd na pozici nov\u00e9ho gener\u00e1ln\u00edho \u0159editele holdingu Penta Hospitals International (PHI). Jeho posl\u00e1n\u00edm je pokra\u010dovat v dynamick\u00e9m r\u016fstu a realizaci dlouhodob\u00e9 strategie skupiny, jej\u00edmi\u017e hlavn\u00edmi pil\u00ed\u0159i je bezv\u00fdhradn\u00e1 orientace na pot\u0159eby a spokojenost pacienta, z\u00edsk\u00e1n\u00ed pozice preferovan\u00e9ho zam\u011bstnavatele a dal\u0161\u00ed sm\u011b\u0159ov\u00e1n\u00ed k digitalizaci, integraci a provozn\u00ed dokonalosti cel\u00e9 s\u00edt\u011b nemocnic a ambulanc\u00ed v Polsku, \u010cesk\u00e9 republice a na Slovensku. Peter Lednick\u00fd p\u0159ich\u00e1z\u00ed z&nbsp;pozice gener\u00e1ln\u00edho \u0159editele spole\u010dnosti Unilabs Slovensko. P\u0159ed 27 lety byl p\u0159i zrodu spole\u010dnosti Alphamedical, kter\u00e1 se pod jeho veden\u00edm postupn\u011b stala nejv\u011bt\u0161\u00ed laboratorn\u00ed s\u00edt\u00ed ve st\u0159edn\u00ed a v\u00fdchodn\u00ed Evrop\u011b, v&nbsp;roce 2017 se pak stala sou\u010d\u00e1st\u00ed mezin\u00e1rodn\u00ed s\u00edt\u011b Unilabs se s\u00eddlem ve \u0160v\u00fdcarsku.&nbsp; Tato rychle rostouc\u00ed spole\u010dnost zab\u00fdvaj\u00edc\u00ed se laboratorn\u00ed diagnostikou vyrostla v r\u00e1mci skupiny Penta Investments. Peter Lednick\u00fd se tak po letech str\u00e1ven\u00fdch v&nbsp;mezin\u00e1rodn\u00edm prost\u0159ed\u00ed vr\u00e1til do portfolia zdravotnick\u00fdch projekt\u016f, tedy do oblasti, kde v minulosti za\u010d\u00ednal.<\/p>\n<\/div><\/div><\/div>\n\n\n\n<div class=\"wp-block-media-text is-stacked-on-mobile\" style=\"grid-template-columns:37% auto\" id=\"vaclav-jirku\"><figure class=\"wp-block-media-text__media\"><img loading=\"lazy\" decoding=\"async\" width=\"580\" height=\"580\" src=\"https:\/\/standingout.pentahospitals.pl\/wp-content\/uploads\/2025\/02\/vaclav-jirku.png\" alt=\"\" class=\"wp-image-905 size-full\" srcset=\"https:\/\/standingout.pentahospitals.pl\/wp-content\/uploads\/2025\/02\/vaclav-jirku.png 580w, https:\/\/standingout.pentahospitals.pl\/wp-content\/uploads\/2025\/02\/vaclav-jirku-300x300.png 300w, https:\/\/standingout.pentahospitals.pl\/wp-content\/uploads\/2025\/02\/vaclav-jirku-150x150.png 150w, https:\/\/standingout.pentahospitals.pl\/wp-content\/uploads\/2025\/02\/vaclav-jirku-200x200.png 200w, https:\/\/standingout.pentahospitals.pl\/wp-content\/uploads\/2025\/02\/vaclav-jirku-400x400.png 400w\" sizes=\"auto, (max-width: 580px) 100vw, 580px\" \/><\/figure><div class=\"wp-block-media-text__content\"><div class=\"wp-block-heading\">\n<h2 class=\"wp-block-heading\">V\u00e1clav Jirk\u016f<\/h2>\n<\/div>\n\n<div class=\"wp-block-heading\">\n<h4 class=\"wp-block-heading\">Partner Penta Investments<\/h4>\n<\/div>\n\n<div class=\"wp-block-paragraph\">\n<p class=\"has-small-font-size\">V\u00e1clav Jirk\u016f je partnerem ve spole\u010dnosti Penta Investments, kde vede investice do zdravotnictv\u00ed a dohl\u00ed\u017e\u00ed na strategii lidsk\u00fdch zdroj\u016f. M\u00e1 v\u00edce ne\u017e 19 let zku\u0161enost\u00ed s \u0159\u00edzen\u00edm a investicemi ve zdravotnictv\u00ed a hr\u00e1l kl\u00ed\u010dovou roli p\u0159i rozvoji v\u00fdznamn\u00fdch projekt\u016f, v\u010detn\u011b l\u00e9k\u00e1rensk\u00fd \u0159et\u011bzec Dr. Max, Penta Hospitals International, zdravotn\u00ed poji\u0161t\u011bn\u00ed Dovera, a slu\u017eby dom\u00e1c\u00ed zdravotn\u00ed p\u00e9\u010de ProCare. P\u0159ed p\u0159estupem do obchodn\u00edho managementu, si V\u00e1clav Jirk\u016f vybudoval siln\u00e9 l\u00e9ka\u0159sk\u00e9 z\u00e1zem\u00ed jako vedouc\u00ed odd\u011blen\u00ed intenzivn\u00ed p\u00e9\u010de v&nbsp;Oblastn\u00ed nemocnici v Kol\u00edn\u011ba jako kardioanesteziolog v presti\u017en\u00ed <strong>&nbsp;<\/strong>Fakultn\u00ed nemocnice v Motolev Praze. Je dr\u017eitelem diplomu doktora medic\u00edny z Univerzity Karlovy v Praze.<\/p>\n<\/div><\/div><\/div>\n\n\n\n<div class=\"wp-block-media-text is-stacked-on-mobile\" style=\"grid-template-columns:38% auto\" id=\"jozef-karlik\"><figure class=\"wp-block-media-text__media\"><img loading=\"lazy\" decoding=\"async\" width=\"580\" height=\"580\" src=\"https:\/\/standingout.pentahospitals.pl\/wp-content\/uploads\/2025\/02\/jozef-karlik.png\" alt=\"\" class=\"wp-image-910 size-full\" srcset=\"https:\/\/standingout.pentahospitals.pl\/wp-content\/uploads\/2025\/02\/jozef-karlik.png 580w, https:\/\/standingout.pentahospitals.pl\/wp-content\/uploads\/2025\/02\/jozef-karlik-300x300.png 300w, https:\/\/standingout.pentahospitals.pl\/wp-content\/uploads\/2025\/02\/jozef-karlik-150x150.png 150w, https:\/\/standingout.pentahospitals.pl\/wp-content\/uploads\/2025\/02\/jozef-karlik-200x200.png 200w, https:\/\/standingout.pentahospitals.pl\/wp-content\/uploads\/2025\/02\/jozef-karlik-400x400.png 400w\" sizes=\"auto, (max-width: 580px) 100vw, 580px\" \/><\/figure><div class=\"wp-block-media-text__content\"><div class=\"wp-block-heading\">\n<h2 class=\"wp-block-heading\">Jozef Karlik<\/h2>\n<\/div>\n\n<div class=\"wp-block-heading\">\n<h4 class=\"wp-block-heading\">CFO Penta Hospitals International<\/h4>\n<\/div>\n\n<div class=\"wp-block-paragraph\">\n<p class=\"has-small-font-size\">Jozef Karlik nastoupil na pozici finan\u010dn\u00edho \u0159editele holdingov\u00e9 spole\u010dnosti Penta Hospitals International (PHI) v dubnu 2024. Jeho hlavn\u00ed c\u00edle zahrnuj\u00ed zvy\u0161ov\u00e1n\u00ed provozn\u00ed excelence ve v\u0161ech oblastech financ\u00ed, zaji\u0161t\u011bn\u00ed extern\u00edho financov\u00e1n\u00ed pro podporu dal\u0161\u00edho anorganick\u00e9ho r\u016fstu, efektivn\u00ed alokaci kapit\u00e1lu a poskytov\u00e1n\u00ed podpory p\u0159i pln\u011bn\u00ed c\u00edl\u016f v oblasti f\u00faz\u00ed a akvizic (M&amp;A). Do PHI p\u0159i\u0161el z mezin\u00e1rodn\u00edho laboratorn\u00edho \u0159et\u011bzce Unilabs Slovakia, kde p\u016fsobil jako finan\u010dn\u00ed \u0159editel po dobu 16 let a b\u011bhem t\u00e9to doby byl zodpov\u011bdn\u00fd za t\u0159i trhy st\u0159edn\u00ed a v\u00fdchodn\u00ed Evropy \u2013 Polsko, Slovensko a \u010ceskou republiku. P\u0159ed p\u016fsoben\u00edm v Unilabs zast\u00e1val pozice finan\u010dn\u00edho \u0159editele v mobiln\u00edch oper\u00e1torech Millicom v Laosu a Western Wireless International ve Slovinsku. Jozef je dr\u017eitelem titulu MBA z IESE Business School v Barcelon\u011b, \u0160pan\u011blsko.<\/p>\n<\/div><\/div><\/div>\n\n\n\n<div class=\"wp-block-media-text is-stacked-on-mobile\" style=\"grid-template-columns:38% auto\" id=\"jan-havlis\"><figure class=\"wp-block-media-text__media\"><img loading=\"lazy\" decoding=\"async\" width=\"580\" height=\"580\" src=\"https:\/\/standingout.pentahospitals.pl\/wp-content\/uploads\/2025\/02\/jan-havlis.png\" alt=\"\" class=\"wp-image-914 size-full\" srcset=\"https:\/\/standingout.pentahospitals.pl\/wp-content\/uploads\/2025\/02\/jan-havlis.png 580w, https:\/\/standingout.pentahospitals.pl\/wp-content\/uploads\/2025\/02\/jan-havlis-300x300.png 300w, https:\/\/standingout.pentahospitals.pl\/wp-content\/uploads\/2025\/02\/jan-havlis-150x150.png 150w, https:\/\/standingout.pentahospitals.pl\/wp-content\/uploads\/2025\/02\/jan-havlis-200x200.png 200w, https:\/\/standingout.pentahospitals.pl\/wp-content\/uploads\/2025\/02\/jan-havlis-400x400.png 400w\" sizes=\"auto, (max-width: 580px) 100vw, 580px\" \/><\/figure><div class=\"wp-block-media-text__content\"><div class=\"wp-block-heading\">\n<h2 class=\"wp-block-heading\">Jan Havlis<\/h2>\n<\/div>\n\n<div class=\"wp-block-heading\">\n<h4 class=\"wp-block-heading\">CCO Penta Hospitals International<\/h4>\n<\/div>\n\n<div class=\"wp-block-paragraph\">\n<p class=\"has-small-font-size\"><strong>Jan Havlis <\/strong>nastoupil do Penta Hospitals Internationalv prosinci 2024. V\u011bt\u0161inu sv\u00e9 kari\u00e9ry str\u00e1vil na pozic\u00edch gener\u00e1ln\u00edho \u0159editele a obchodn\u00edho \u0159editele v oblasti spot\u0159ebn\u00edho zbo\u017e\u00ed. Po zah\u00e1jen\u00ed kari\u00e9ry v marketingov\u00e9m odd\u011blen\u00ed v\u00fdrobce cere\u00e1li\u00ed EMCO a deseti letech str\u00e1ven\u00fdch vProcter &amp; Gamble, p\u0159e\u0161el z pozice Country Managera pro Kypr, Island a Maltu do Stock Spirits Group. Zde p\u016fsobil jako gener\u00e1ln\u00ed \u0159editel pro \u010ceskou republiku, pozd\u011bji roz\u0161\u00ed\u0159il sv\u00e9 kompetence o Slovensko a 40 exportn\u00edch trh\u016f. B\u011bhem sv\u00e9ho p\u016fsoben\u00ed dohl\u00ed\u017eel na komplexn\u00ed operace, \u0159\u00eddil r\u016fznorod\u00e9 t\u00fdmy, vedl iniciativy pro f\u00faze a akvizice a dos\u00e1hl v\u00fdznamn\u00e9ho r\u016fstu tr\u017eeb. Posledn\u00edch dev\u011bt let p\u016fsobil jako viceprezident pr\u016fmyslov\u00e9ho svazu a je tak\u00e9 \u010dlenem p\u0159edstavenstva Supersonic Food, inovativn\u00edho start-upu v oblasti funk\u010dn\u00edch zdrav\u00fdch potravin. Jan Havlis vystudoval matematiku, informatiku, podnikov\u00fd management a marketing a absolvoval Vysokou \u0161kolu ekonomickou a obchodn\u00ed v Praze.<\/p>\n<\/div><\/div><\/div>\n\n\n\n<div class=\"wp-block-media-text is-stacked-on-mobile\" style=\"grid-template-columns:38% auto\" id=\"karol-piasecki\"><figure class=\"wp-block-media-text__media\"><img loading=\"lazy\" decoding=\"async\" width=\"580\" height=\"580\" src=\"https:\/\/standingout.pentahospitals.pl\/wp-content\/uploads\/2025\/02\/karol_piasecki.png\" alt=\"\" class=\"wp-image-880 size-full\" srcset=\"https:\/\/standingout.pentahospitals.pl\/wp-content\/uploads\/2025\/02\/karol_piasecki.png 580w, https:\/\/standingout.pentahospitals.pl\/wp-content\/uploads\/2025\/02\/karol_piasecki-300x300.png 300w, https:\/\/standingout.pentahospitals.pl\/wp-content\/uploads\/2025\/02\/karol_piasecki-150x150.png 150w, https:\/\/standingout.pentahospitals.pl\/wp-content\/uploads\/2025\/02\/karol_piasecki-200x200.png 200w, https:\/\/standingout.pentahospitals.pl\/wp-content\/uploads\/2025\/02\/karol_piasecki-400x400.png 400w\" sizes=\"auto, (max-width: 580px) 100vw, 580px\" \/><\/figure><div class=\"wp-block-media-text__content\"><div class=\"wp-block-heading\">\n<h2 class=\"wp-block-heading\">Karol Piasecki<\/h2>\n<\/div>\n\n<div class=\"wp-block-heading\">\n<h4 class=\"wp-block-heading\">CEO Penta Hospitals Polsko<\/h4>\n<\/div>\n\n<div class=\"wp-block-paragraph\">\n<p class=\"has-small-font-size\">Karol Piasecki vystudoval pr\u00e1va na univerzit\u011b v Bialystoku. Ji\u017e v\u00edce ne\u017e 20 let \u0159\u00edd\u00ed spole\u010dnosti p\u016fsob\u00edc\u00ed na trhu zdravotn\u00ed p\u00e9\u010de. Specializuje se na budov\u00e1n\u00ed dlouhodob\u00fdch r\u016fstov\u00fdch strategi\u00ed, restrukturalizaci spole\u010dnost\u00ed, integra\u010dn\u00ed procesy a management zm\u011bn. V letech 2008-2010 provedl restrukturalizaci spole\u010dnosti DOZ S.A., nejv\u011bt\u0161\u00edho \u0159et\u011bzce l\u00e9k\u00e1ren v Polsku. V roce 2008 p\u0159edstavil Karol Piasecki a jeho t\u00fdm prvn\u00ed platformu elektronick\u00e9ho obchodu na l\u00e9k\u00e1rensk\u00e9m trhu zalo\u017eenou na modelu \u201eklikni a vyzvedni na prodejn\u011b&#8220;. V letech 2011 a\u017e 2019 Karol zast\u00e1val pozici gener\u00e1ln\u00edho \u0159editele Dr. Max. B\u011bhem sv\u00e9ho p\u016fsoben\u00ed zv\u00fd\u0161il obrat spole\u010dnosti v\u00edce ne\u017e desetin\u00e1sobn\u011b a vytvo\u0159il jednu z nejv\u011bt\u0161\u00edch s\u00edt\u00ed l\u00e9k\u00e1ren v zemi. Od roku 2019 je p\u0159edsedou p\u0159edstavenstva spole\u010dnosti EMC Instytut Medyczny SA a p\u016fsob\u00ed jako v\u00fdkonn\u00fd \u0159editel kapit\u00e1lov\u00e9 skupiny EMC, kter\u00e1 \u00fasp\u011b\u0161n\u011b rozv\u00edj\u00ed s\u00ed\u0165 t\u00e9m\u011b\u0159 30 zdravotnick\u00fdch za\u0159\u00edzen\u00ed v Polsku.<\/p>\n<\/div><\/div><\/div>\n\n\n\n<div class=\"wp-block-media-text is-stacked-on-mobile\" style=\"grid-template-columns:38% auto\" id=\"barbora-vaculikova\"><figure class=\"wp-block-media-text__media\"><img loading=\"lazy\" decoding=\"async\" width=\"580\" height=\"580\" src=\"https:\/\/standingout.pentahospitals.pl\/wp-content\/uploads\/2025\/02\/barbora_vaculikova.png\" alt=\"\" class=\"wp-image-893 size-full\" srcset=\"https:\/\/standingout.pentahospitals.pl\/wp-content\/uploads\/2025\/02\/barbora_vaculikova.png 580w, https:\/\/standingout.pentahospitals.pl\/wp-content\/uploads\/2025\/02\/barbora_vaculikova-300x300.png 300w, https:\/\/standingout.pentahospitals.pl\/wp-content\/uploads\/2025\/02\/barbora_vaculikova-150x150.png 150w, https:\/\/standingout.pentahospitals.pl\/wp-content\/uploads\/2025\/02\/barbora_vaculikova-200x200.png 200w, https:\/\/standingout.pentahospitals.pl\/wp-content\/uploads\/2025\/02\/barbora_vaculikova-400x400.png 400w\" sizes=\"auto, (max-width: 580px) 100vw, 580px\" \/><\/figure><div class=\"wp-block-media-text__content\"><div class=\"wp-block-heading\">\n<h2 class=\"wp-block-heading\">Barbora Vacul\u00edkov\u00e1<\/h2>\n<\/div>\n\n<div class=\"wp-block-heading\">\n<h4 class=\"wp-block-heading\">CEO Penta Hospitals \u010cesk\u00e1 republika<\/h4>\n<\/div>\n\n<div class=\"wp-block-paragraph\">\n<p class=\"has-small-font-size\">Barbora Vacul\u00edkov\u00e1 vede Penta Hospitals v \u010cesku ji\u017e v\u00edce ne\u017e 8 let. Pod jej\u00edm veden\u00edm se spole\u010dnost rozrostla z mal\u00e9 region\u00e1ln\u00ed nemocnice na pozici nejv\u011bt\u0161\u00edho soukrom\u00e9ho provozovatele zdravotnick\u00fdch slu\u017eeb a soci\u00e1ln\u00edho bydlen\u00ed v \u010cesk\u00e9 republice. Dnes provozuje 11 nemocnic akutn\u00ed a n\u00e1sledn\u00e9 p\u00e9\u010de, s\u00ed\u0165 specializovan\u00fdch klinik a tak\u00e9 v\u00edce ne\u017e 3 700 l\u016f\u017eek v domovech se zvl\u00e1\u0161tn\u00edm re\u017eimem ALZHEIMER HOME. Spole\u010dnost je ekonomicky stabiln\u00ed a navzdory odbor\u016fm nad\u00e1le dynamicky roste. Dnes skupina v \u010cesk\u00e9 republice zam\u011bstn\u00e1v\u00e1 v\u00edce ne\u017e 6 000 lid\u00ed. Barbora p\u016fsob\u00ed ve zdravotnictv\u00ed po celou dobu sv\u00e9 profesn\u00ed kari\u00e9ry, od porodn\u00ed asistentky a sestry na jednotce intenzivn\u00ed p\u00e9\u010de p\u0159es mana\u017eerku a \u0159editelku pro kvalitu a bezpe\u010dnost p\u00e9\u010de a\u017e po sou\u010dasnou pozici. Jej\u00edm dlouhodob\u00fdm t\u00e9matem je ekonomika ve zdravotnictv\u00ed a integrace p\u00e9\u010de o pacienty, jej\u00ed efektivita, kvalita a dostupnost.<\/p>\n<\/div><\/div><\/div>\n\n\n\n<div class=\"wp-block-media-text is-stacked-on-mobile\" style=\"grid-template-columns:38% auto\" id=\"radoslav-cuha\"><figure class=\"wp-block-media-text__media\"><img loading=\"lazy\" decoding=\"async\" width=\"580\" height=\"580\" src=\"https:\/\/standingout.pentahospitals.pl\/wp-content\/uploads\/2025\/01\/radoslav-cuha.png\" alt=\"\" class=\"wp-image-360 size-full\" srcset=\"https:\/\/standingout.pentahospitals.pl\/wp-content\/uploads\/2025\/01\/radoslav-cuha.png 580w, https:\/\/standingout.pentahospitals.pl\/wp-content\/uploads\/2025\/01\/radoslav-cuha-300x300.png 300w, https:\/\/standingout.pentahospitals.pl\/wp-content\/uploads\/2025\/01\/radoslav-cuha-150x150.png 150w, https:\/\/standingout.pentahospitals.pl\/wp-content\/uploads\/2025\/01\/radoslav-cuha-200x200.png 200w, https:\/\/standingout.pentahospitals.pl\/wp-content\/uploads\/2025\/01\/radoslav-cuha-400x400.png 400w\" sizes=\"auto, (max-width: 580px) 100vw, 580px\" \/><\/figure><div class=\"wp-block-media-text__content\"><div class=\"wp-block-heading\">\n<h2 class=\"wp-block-heading\">Radoslav \u010cuha<\/h2>\n<\/div>\n\n<div class=\"wp-block-heading\">\n<h4 class=\"wp-block-heading\">CEO Penta Hospitals Slovensko<\/h4>\n<\/div>\n\n<div class=\"wp-block-paragraph\">\n<p class=\"has-small-font-size\">Radoslav \u010cuha pracuje ve spole\u010dnosti Penta Hospitals Slovensko od roku 2020. Zpo\u010d\u00e1tku se jako \u0159editel pro rozvoj obchodu zam\u011b\u0159oval p\u0159edev\u0161\u00edm na strategickou oblast reprofilace nemocnic s\u00edt\u011b Svet zdravia. Od \u010dervence 2020 se ujal funkce l\u00e9ka\u0159sk\u00e9ho \u0159editele. Byl pln\u011b zodpov\u011bdn\u00fd za opera\u010dn\u00ed oblast l\u00e9\u010debn\u011b-preventivn\u00ed a o\u0161et\u0159ovatelsk\u00e9 p\u00e9\u010de b\u011bhem obou vln koronavirov\u00e9 pandemie. V roce 2021 byl jmenov\u00e1n gener\u00e1ln\u00edm \u0159editelem Penta Hospitals Slovensko. Radoslav \u010cuha v minulosti p\u016fsobil 8 let jako \u0159editel Fakultn\u00ed nemocnice J. A. Reimana v Pre\u0161ov\u011b. Vystudoval L\u00e9ka\u0159skou fakultu UPJ\u0160 v Ko\u0161ic\u00edch. Jeho specializac\u00ed je chirurgie a traumatologie.<\/p>\n<\/div><\/div><\/div>\n\n\n\n<div class=\"wp-block-media-text is-stacked-on-mobile\" style=\"grid-template-columns:38% auto\" id=\"maciej-jakubiak\"><figure class=\"wp-block-media-text__media\"><img loading=\"lazy\" decoding=\"async\" width=\"580\" height=\"580\" src=\"https:\/\/standingout.pentahospitals.pl\/wp-content\/uploads\/2025\/02\/maciej_jakubiak.png\" alt=\"\" class=\"wp-image-839 size-full\" srcset=\"https:\/\/standingout.pentahospitals.pl\/wp-content\/uploads\/2025\/02\/maciej_jakubiak.png 580w, https:\/\/standingout.pentahospitals.pl\/wp-content\/uploads\/2025\/02\/maciej_jakubiak-300x300.png 300w, https:\/\/standingout.pentahospitals.pl\/wp-content\/uploads\/2025\/02\/maciej_jakubiak-150x150.png 150w, https:\/\/standingout.pentahospitals.pl\/wp-content\/uploads\/2025\/02\/maciej_jakubiak-200x200.png 200w, https:\/\/standingout.pentahospitals.pl\/wp-content\/uploads\/2025\/02\/maciej_jakubiak-400x400.png 400w\" sizes=\"auto, (max-width: 580px) 100vw, 580px\" \/><\/figure><div class=\"wp-block-media-text__content\"><div class=\"wp-block-heading\">\n<h2 class=\"wp-block-heading\">Maciej Jakubiak<\/h2>\n<\/div>\n\n<div class=\"wp-block-heading\">\n<h4 class=\"wp-block-heading\">\u0158editel pro kvalitu Polsko<\/h4>\n<\/div>\n\n<div class=\"wp-block-paragraph\">\n<p class=\"has-small-font-size\">Maciej je se skupinou Penta spojen od roku 2013 a od sam\u00e9ho po\u010d\u00e1tku se pod\u00edlel na \u0161irok\u00e9m rozvoji skupiny \u2013 jak prost\u0159ednictv\u00edm integrace nov\u00fdch jednotek do skupiny, tak organick\u00e9ho r\u016fstu nemocnic. V r\u00e1mci na\u0161\u00ed organizace pro\u0161el v\u0161emi kari\u00e9rn\u00edmi stupni, od analytika zodpov\u011bdn\u00e9ho za sledov\u00e1n\u00ed trhu p\u0159i vyhled\u00e1v\u00e1n\u00ed potenci\u00e1ln\u00edch akvizi\u010dn\u00edch c\u00edl\u016f, p\u0159es pozici \u0159editele zodpov\u011bdn\u00e9ho za v\u0161echny akvizi\u010dn\u00ed procesy ve skupin\u011b, veden\u00ed nemocnice a\u017e po pozici \u0159editele pro kvalitu. P\u0159i sv\u00e9 pr\u00e1ci na optimalizaci proces\u016f ve skupin\u011b vyu\u017e\u00edv\u00e1 n\u00e1stroje metodiky Lean a v roce 2021 z\u00edskal titul Lean Healthcare Master. Vystudoval ekonomii se specializac\u00ed na finance a bankovnictv\u00ed.<\/p>\n<\/div><\/div><\/div>\n\n\n\n<div class=\"wp-block-media-text is-stacked-on-mobile\" style=\"grid-template-columns:38% auto\" id=\"martin-simo\"><figure class=\"wp-block-media-text__media\"><img loading=\"lazy\" decoding=\"async\" width=\"580\" height=\"580\" src=\"https:\/\/standingout.pentahospitals.pl\/wp-content\/uploads\/2025\/02\/sk_martin_simo.png\" alt=\"\" class=\"wp-image-729 size-full\" srcset=\"https:\/\/standingout.pentahospitals.pl\/wp-content\/uploads\/2025\/02\/sk_martin_simo.png 580w, https:\/\/standingout.pentahospitals.pl\/wp-content\/uploads\/2025\/02\/sk_martin_simo-300x300.png 300w, https:\/\/standingout.pentahospitals.pl\/wp-content\/uploads\/2025\/02\/sk_martin_simo-150x150.png 150w, https:\/\/standingout.pentahospitals.pl\/wp-content\/uploads\/2025\/02\/sk_martin_simo-200x200.png 200w, https:\/\/standingout.pentahospitals.pl\/wp-content\/uploads\/2025\/02\/sk_martin_simo-400x400.png 400w\" sizes=\"auto, (max-width: 580px) 100vw, 580px\" \/><\/figure><div class=\"wp-block-media-text__content\"><div class=\"wp-block-heading\">\n<h2 class=\"wp-block-heading\">Martin \u0160imo<\/h2>\n<\/div>\n\n<div class=\"wp-block-heading\">\n<h4 class=\"wp-block-heading\">Zdravotn\u00ed \u0159editel Penta Hospitals Slovensko<\/h4>\n<\/div>\n\n<div class=\"wp-block-paragraph\">\n<p class=\"has-small-font-size\">Martin \u0160imo za\u010dal svou kari\u00e9ru jako neurolog v nemocnici ve Spi\u0161sk\u00e9 Nov\u00e9 Vsi. Pozd\u011bji se stal z\u00e1stupcem l\u00e9ka\u0159sk\u00e9ho \u0159editele a tak\u00e9 z\u00e1stupcem vedouc\u00edho l\u00e9ka\u0159e v oboru neurologie pro s\u00ed\u0165 nemocnic. Byl vy\u0161kolen jako n\u00e1rodn\u00ed metodik v oblasti klasifika\u010dn\u00edho syst\u00e9mu DRG, aktivn\u011b \u0161kolil nemocni\u010dn\u00ed person\u00e1l, jako \u010dlen pracovn\u00ed skupiny se pod\u00edlel na tvorb\u011b a rozvoji nemocni\u010dn\u00edch informa\u010dn\u00edch syst\u00e9m\u016f. Od \u010dervna 2021 zast\u00e1v\u00e1 pozici l\u00e9ka\u0159sk\u00e9ho \u0159editele s\u00edt\u011b nemocnic a poliklinik Penta Hospitals Slovensko. Vystudoval Jesseniovu l\u00e9ka\u0159skou fakultu Univerzity Komensk\u00e9ho v Martin\u011b.<\/p>\n<\/div><\/div><\/div>\n\n\n\n<div class=\"wp-block-media-text is-stacked-on-mobile\" style=\"grid-template-columns:38% auto\" id=\"jiri-stefan\"><figure class=\"wp-block-media-text__media\"><img loading=\"lazy\" decoding=\"async\" width=\"580\" height=\"580\" src=\"https:\/\/standingout.pentahospitals.pl\/wp-content\/uploads\/2025\/02\/jiri_stefan.png\" alt=\"\" class=\"wp-image-717 size-full\" srcset=\"https:\/\/standingout.pentahospitals.pl\/wp-content\/uploads\/2025\/02\/jiri_stefan.png 580w, https:\/\/standingout.pentahospitals.pl\/wp-content\/uploads\/2025\/02\/jiri_stefan-300x300.png 300w, https:\/\/standingout.pentahospitals.pl\/wp-content\/uploads\/2025\/02\/jiri_stefan-150x150.png 150w, https:\/\/standingout.pentahospitals.pl\/wp-content\/uploads\/2025\/02\/jiri_stefan-200x200.png 200w, https:\/\/standingout.pentahospitals.pl\/wp-content\/uploads\/2025\/02\/jiri_stefan-400x400.png 400w\" sizes=\"auto, (max-width: 580px) 100vw, 580px\" \/><\/figure><div class=\"wp-block-media-text__content\"><div class=\"wp-block-heading\">\n<h2 class=\"wp-block-heading\">Ji\u0159\u00ed \u0160tefan<\/h2>\n<\/div>\n\n<div class=\"wp-block-heading\">\n<h4 class=\"wp-block-heading\">Zdravotn\u00ed \u0159editel Penta Hospitals \u010cesk\u00e1 republika<\/h4>\n<\/div>\n\n<div class=\"wp-block-paragraph\">\n<p class=\"has-small-font-size\">MUDr. Ji\u0159\u00ed \u0160tefan m\u00e1 v\u00edce ne\u017e 35 let zku\u0161enost\u00ed ve zdravotnictv\u00ed. Jeho profesn\u00ed dr\u00e1ha sah\u00e1 od intern\u00edho l\u00e9ka\u0159e a gastroenterologa v karlovarsk\u00e9 nemocnici a\u017e po vedouc\u00ed pozice, v\u010detn\u011b dev\u00edtilet\u00e9ho p\u016fsoben\u00ed ve funkci \u0159editele nemocnice. V roce 2009 p\u0159evzal veden\u00ed nemocnice Ostrov, kter\u00e1 se pozd\u011bji v roce 2016 p\u0159ipojila k Penta Hospitals. Od roku 2017 p\u016fsob\u00ed jako zdravotn\u00ed \u0159editel a dohl\u00ed\u017e\u00ed na l\u00e9ka\u0159sk\u00e9 operace v cel\u00e9 skupin\u011b. Dr. \u0160tefan si ponech\u00e1v\u00e1 klinickou praxi ve Vint\u00ed\u0159ov\u011b a z\u00e1rove\u0148 vede iniciativu skupiny v oblasti paliativn\u00ed p\u00e9\u010de. Aktivn\u011b se zapojuje do \u010dinnosti \u010cLS JEP a je \u010dlenem Rady Asociace nemocnic Karlovarsk\u00e9ho kraje. Dr. \u0160tefan vystudoval L\u00e9ka\u0159skou fakultu Univerzity Karlovy v Hradci Kr\u00e1lov\u00e9.<\/p>\n<\/div><\/div><\/div>\n\n\n\n<div style=\"height:100px\" aria-hidden=\"true\" class=\"wp-block-spacer\"><\/div>\n\n\n<div class=\"wp-block-paragraph\">\n<p><\/p>\n<\/div>","protected":false},"excerpt":{"rendered":"<p>Peter Lednick\u00fd CEO Penta Hospitals International Dne 1. \u0159\u00edjna 2022 nastoupil Peter Lednick\u00fd na pozici nov\u00e9ho gener\u00e1ln\u00edho \u0159editele holdingu Penta Hospitals International (PHI). Jeho posl\u00e1n\u00edm je pokra\u010dovat v dynamick\u00e9m r\u016fstu a realizaci dlouhodob\u00e9 strategie skupiny, jej\u00edmi\u017e hlavn\u00edmi pil\u00ed\u0159i je bezv\u00fdhradn\u00e1 orientace na pot\u0159eby a spokojenost pacienta, z\u00edsk\u00e1n\u00ed pozice preferovan\u00e9ho zam\u011bstnavatele a dal\u0161\u00ed sm\u011b\u0159ov\u00e1n\u00ed k digitalizaci, [&hellip;]<\/p>\n","protected":false},"author":4,"featured_media":0,"parent":0,"menu_order":0,"comment_status":"closed","ping_status":"closed","template":"","meta":{"_acf_changed":false,"footnotes":""},"class_list":["post-557","page","type-page","status-publish","hentry"],"acf":[],"yoast_head":"<!-- This site is optimized with the Yoast SEO plugin v24.4 - https:\/\/yoast.com\/wordpress\/plugins\/seo\/ -->\n<title>P\u0159edn\u00e1\u0161ej\u00edc\u00ed - Pentahospitals standing out<\/title>\n<meta name=\"robots\" content=\"noindex, follow, max-snippet:-1, max-image-preview:large, max-video-preview:-1\" \/>\n<meta property=\"og:locale\" content=\"cs_CZ\" \/>\n<meta property=\"og:type\" content=\"article\" \/>\n<meta property=\"og:title\" content=\"P\u0159edn\u00e1\u0161ej\u00edc\u00ed - Pentahospitals standing out\" \/>\n<meta property=\"og:description\" content=\"Peter Lednick\u00fd CEO Penta Hospitals International Dne 1. \u0159\u00edjna 2022 nastoupil Peter Lednick\u00fd na pozici nov\u00e9ho gener\u00e1ln\u00edho \u0159editele holdingu Penta Hospitals International (PHI). Jeho posl\u00e1n\u00edm je pokra\u010dovat v dynamick\u00e9m r\u016fstu a realizaci dlouhodob\u00e9 strategie skupiny, jej\u00edmi\u017e hlavn\u00edmi pil\u00ed\u0159i je bezv\u00fdhradn\u00e1 orientace na pot\u0159eby a spokojenost pacienta, z\u00edsk\u00e1n\u00ed pozice preferovan\u00e9ho zam\u011bstnavatele a dal\u0161\u00ed sm\u011b\u0159ov\u00e1n\u00ed k digitalizaci, [&hellip;]\" \/>\n<meta property=\"og:url\" content=\"https:\/\/standingout.pentahospitals.pl\/cs\/our-speakers-cz\/\" \/>\n<meta property=\"og:site_name\" content=\"Pentahospitals standing out\" \/>\n<meta property=\"article:modified_time\" content=\"2025-04-03T07:36:17+00:00\" \/>\n<meta property=\"og:image\" content=\"https:\/\/standingout.pentahospitals.pl\/wp-content\/uploads\/2025\/01\/peter-lednicky.png\" \/>\n\t<meta property=\"og:image:width\" content=\"580\" \/>\n\t<meta property=\"og:image:height\" content=\"580\" \/>\n\t<meta property=\"og:image:type\" content=\"image\/png\" \/>\n<meta name=\"twitter:card\" content=\"summary_large_image\" \/>\n<meta name=\"twitter:label1\" content=\"Odhadovan\u00e1 doba \u010dten\u00ed\" \/>\n\t<meta name=\"twitter:data1\" content=\"8 minut\" \/>\n<script type=\"application\/ld+json\" class=\"yoast-schema-graph\">{\"@context\":\"https:\/\/schema.org\",\"@graph\":[{\"@type\":\"WebPage\",\"@id\":\"https:\/\/standingout.pentahospitals.pl\/cs\/our-speakers-cz\/\",\"url\":\"https:\/\/standingout.pentahospitals.pl\/cs\/our-speakers-cz\/\",\"name\":\"P\u0159edn\u00e1\u0161ej\u00edc\u00ed - Pentahospitals standing out\",\"isPartOf\":{\"@id\":\"https:\/\/standingout.pentahospitals.pl\/#website\"},\"primaryImageOfPage\":{\"@id\":\"https:\/\/standingout.pentahospitals.pl\/cs\/our-speakers-cz\/#primaryimage\"},\"image\":{\"@id\":\"https:\/\/standingout.pentahospitals.pl\/cs\/our-speakers-cz\/#primaryimage\"},\"thumbnailUrl\":\"https:\/\/standingout.pentahospitals.pl\/wp-content\/uploads\/2025\/01\/peter-lednicky.png\",\"datePublished\":\"2025-01-31T09:53:12+00:00\",\"dateModified\":\"2025-04-03T07:36:17+00:00\",\"breadcrumb\":{\"@id\":\"https:\/\/standingout.pentahospitals.pl\/cs\/our-speakers-cz\/#breadcrumb\"},\"inLanguage\":\"cs\",\"potentialAction\":[{\"@type\":\"ReadAction\",\"target\":[\"https:\/\/standingout.pentahospitals.pl\/cs\/our-speakers-cz\/\"]}]},{\"@type\":\"ImageObject\",\"inLanguage\":\"cs\",\"@id\":\"https:\/\/standingout.pentahospitals.pl\/cs\/our-speakers-cz\/#primaryimage\",\"url\":\"https:\/\/standingout.pentahospitals.pl\/wp-content\/uploads\/2025\/01\/peter-lednicky.png\",\"contentUrl\":\"https:\/\/standingout.pentahospitals.pl\/wp-content\/uploads\/2025\/01\/peter-lednicky.png\"},{\"@type\":\"BreadcrumbList\",\"@id\":\"https:\/\/standingout.pentahospitals.pl\/cs\/our-speakers-cz\/#breadcrumb\",\"itemListElement\":[{\"@type\":\"ListItem\",\"position\":1,\"name\":\"Strona g\u0142\u00f3wna\",\"item\":\"https:\/\/standingout.pentahospitals.pl\/cs\/\"},{\"@type\":\"ListItem\",\"position\":2,\"name\":\"P\u0159edn\u00e1\u0161ej\u00edc\u00ed\"}]},{\"@type\":\"WebSite\",\"@id\":\"https:\/\/standingout.pentahospitals.pl\/#website\",\"url\":\"https:\/\/standingout.pentahospitals.pl\/\",\"name\":\"Pentahospitals standing out\",\"description\":\"\",\"potentialAction\":[{\"@type\":\"SearchAction\",\"target\":{\"@type\":\"EntryPoint\",\"urlTemplate\":\"https:\/\/standingout.pentahospitals.pl\/?s={search_term_string}\"},\"query-input\":{\"@type\":\"PropertyValueSpecification\",\"valueRequired\":true,\"valueName\":\"search_term_string\"}}],\"inLanguage\":\"cs\"}]}<\/script>\n<!-- \/ Yoast SEO plugin. -->","yoast_head_json":{"title":"P\u0159edn\u00e1\u0161ej\u00edc\u00ed - Pentahospitals standing out","robots":{"index":"noindex","follow":"follow","max-snippet":"max-snippet:-1","max-image-preview":"max-image-preview:large","max-video-preview":"max-video-preview:-1"},"og_locale":"cs_CZ","og_type":"article","og_title":"P\u0159edn\u00e1\u0161ej\u00edc\u00ed - Pentahospitals standing out","og_description":"Peter Lednick\u00fd CEO Penta Hospitals International Dne 1. \u0159\u00edjna 2022 nastoupil Peter Lednick\u00fd na pozici nov\u00e9ho gener\u00e1ln\u00edho \u0159editele holdingu Penta Hospitals International (PHI). Jeho posl\u00e1n\u00edm je pokra\u010dovat v dynamick\u00e9m r\u016fstu a realizaci dlouhodob\u00e9 strategie skupiny, jej\u00edmi\u017e hlavn\u00edmi pil\u00ed\u0159i je bezv\u00fdhradn\u00e1 orientace na pot\u0159eby a spokojenost pacienta, z\u00edsk\u00e1n\u00ed pozice preferovan\u00e9ho zam\u011bstnavatele a dal\u0161\u00ed sm\u011b\u0159ov\u00e1n\u00ed k digitalizaci, [&hellip;]","og_url":"https:\/\/standingout.pentahospitals.pl\/cs\/our-speakers-cz\/","og_site_name":"Pentahospitals standing out","article_modified_time":"2025-04-03T07:36:17+00:00","og_image":[{"width":580,"height":580,"url":"https:\/\/standingout.pentahospitals.pl\/wp-content\/uploads\/2025\/01\/peter-lednicky.png","type":"image\/png"}],"twitter_card":"summary_large_image","twitter_misc":{"Odhadovan\u00e1 doba \u010dten\u00ed":"8 minut"},"schema":{"@context":"https:\/\/schema.org","@graph":[{"@type":"WebPage","@id":"https:\/\/standingout.pentahospitals.pl\/cs\/our-speakers-cz\/","url":"https:\/\/standingout.pentahospitals.pl\/cs\/our-speakers-cz\/","name":"P\u0159edn\u00e1\u0161ej\u00edc\u00ed - Pentahospitals standing out","isPartOf":{"@id":"https:\/\/standingout.pentahospitals.pl\/#website"},"primaryImageOfPage":{"@id":"https:\/\/standingout.pentahospitals.pl\/cs\/our-speakers-cz\/#primaryimage"},"image":{"@id":"https:\/\/standingout.pentahospitals.pl\/cs\/our-speakers-cz\/#primaryimage"},"thumbnailUrl":"https:\/\/standingout.pentahospitals.pl\/wp-content\/uploads\/2025\/01\/peter-lednicky.png","datePublished":"2025-01-31T09:53:12+00:00","dateModified":"2025-04-03T07:36:17+00:00","breadcrumb":{"@id":"https:\/\/standingout.pentahospitals.pl\/cs\/our-speakers-cz\/#breadcrumb"},"inLanguage":"cs","potentialAction":[{"@type":"ReadAction","target":["https:\/\/standingout.pentahospitals.pl\/cs\/our-speakers-cz\/"]}]},{"@type":"ImageObject","inLanguage":"cs","@id":"https:\/\/standingout.pentahospitals.pl\/cs\/our-speakers-cz\/#primaryimage","url":"https:\/\/standingout.pentahospitals.pl\/wp-content\/uploads\/2025\/01\/peter-lednicky.png","contentUrl":"https:\/\/standingout.pentahospitals.pl\/wp-content\/uploads\/2025\/01\/peter-lednicky.png"},{"@type":"BreadcrumbList","@id":"https:\/\/standingout.pentahospitals.pl\/cs\/our-speakers-cz\/#breadcrumb","itemListElement":[{"@type":"ListItem","position":1,"name":"Strona g\u0142\u00f3wna","item":"https:\/\/standingout.pentahospitals.pl\/cs\/"},{"@type":"ListItem","position":2,"name":"P\u0159edn\u00e1\u0161ej\u00edc\u00ed"}]},{"@type":"WebSite","@id":"https:\/\/standingout.pentahospitals.pl\/#website","url":"https:\/\/standingout.pentahospitals.pl\/","name":"Pentahospitals standing out","description":"","potentialAction":[{"@type":"SearchAction","target":{"@type":"EntryPoint","urlTemplate":"https:\/\/standingout.pentahospitals.pl\/?s={search_term_string}"},"query-input":{"@type":"PropertyValueSpecification","valueRequired":true,"valueName":"search_term_string"}}],"inLanguage":"cs"}]}},"_links":{"self":[{"href":"https:\/\/standingout.pentahospitals.pl\/cs\/wp-json\/wp\/v2\/pages\/557","targetHints":{"allow":["GET"]}}],"collection":[{"href":"https:\/\/standingout.pentahospitals.pl\/cs\/wp-json\/wp\/v2\/pages"}],"about":[{"href":"https:\/\/standingout.pentahospitals.pl\/cs\/wp-json\/wp\/v2\/types\/page"}],"author":[{"embeddable":true,"href":"https:\/\/standingout.pentahospitals.pl\/cs\/wp-json\/wp\/v2\/users\/4"}],"replies":[{"embeddable":true,"href":"https:\/\/standingout.pentahospitals.pl\/cs\/wp-json\/wp\/v2\/comments?post=557"}],"version-history":[{"count":7,"href":"https:\/\/standingout.pentahospitals.pl\/cs\/wp-json\/wp\/v2\/pages\/557\/revisions"}],"predecessor-version":[{"id":1061,"href":"https:\/\/standingout.pentahospitals.pl\/cs\/wp-json\/wp\/v2\/pages\/557\/revisions\/1061"}],"wp:attachment":[{"href":"https:\/\/standingout.pentahospitals.pl\/cs\/wp-json\/wp\/v2\/media?parent=557"}],"curies":[{"name":"wp","href":"https:\/\/api.w.org\/{rel}","templated":true}]}}